{"id":3818,"date":"2021-05-12T13:59:18","date_gmt":"2021-05-12T11:59:18","guid":{"rendered":"https:\/\/www.rutalibreautocaravanas.es\/a-equipa\/"},"modified":"2021-05-14T15:36:21","modified_gmt":"2021-05-14T13:36:21","slug":"a-equipa","status":"publish","type":"page","link":"https:\/\/www.rutalibreautocaravanas.es\/pt-pt\/a-equipa\/","title":{"rendered":"A Equipa"},"content":{"rendered":"<div class=\"fusion-fullwidth fullwidth-box fusion-parallax-none hundred-percent-fullwidth non-hundred-percent-height-scrolling\"  style='background-color: rgba(255,255,255,0);background-image: url(\"http:\/\/www.rutalibreautocaravanas.es\/wp-content\/uploads\/2016\/10\/fondo-horizonte-1.jpg\");background-position: center bottom;background-repeat: no-repeat;padding-top:0px;padding-right:0px;padding-bottom:150px;padding-left:0px;-webkit-background-size:cover;-moz-background-size:cover;-o-background-size:cover;background-size:cover;'><div class=\"fusion-builder-row fusion-row \"><div  data-animationType=fadeInLeft data-animationDuration=0.3 data-animationOffset=100% class=\"fusion-layout-column fusion_builder_column fusion_builder_column_1_6  fusion-one-sixth fusion-column-first fusion-animated 1_6\"  style='margin-top:80px;margin-bottom:0px;width:16.66%;width:calc(16.66% - ( ( 20px + 20px + 40px + 40px ) * 0.1666 ) );margin-right: 20px;'>\n\t\t\t\t\t<div class=\"fusion-column-wrapper\" style=\"padding: 0px 0px 0px 0px;background-position:left top;background-repeat:no-repeat;-webkit-background-size:cover;-moz-background-size:cover;-o-background-size:cover;background-size:cover;\"  data-bg-url=\"\">\n\t\t\t\t\t\t<div class=\"fusion-column-content-centered\"><div class=\"fusion-column-content\"><span style=\"border:1px solid #f6f6f6;-webkit-border-radius:7px;-moz-border-radius:7px;border-radius:7px;\" class=\"fusion-imageframe imageframe-none imageframe-1 hover-type-none\"><img loading=\"lazy\" src=\"https:\/\/www.rutalibreautocaravanas.es\/wp-content\/uploads\/2016\/10\/autocaravana-viana-do-castelo.jpg\" width=\"400\" height=\"300\" alt=\"Faro en acantilado\" title=\"Autocaravana &#8211; Viana do Castelo\" class=\"img-responsive wp-image-3834\" style=\"-webkit-border-radius:7px;-moz-border-radius:7px;border-radius:7px;\" srcset=\"https:\/\/www.rutalibreautocaravanas.es\/wp-content\/uploads\/2016\/10\/autocaravana-viana-do-castelo-200x150.jpg 200w, https:\/\/www.rutalibreautocaravanas.es\/wp-content\/uploads\/2016\/10\/autocaravana-viana-do-castelo.jpg 400w\" sizes=\"(max-width: 800px) 100vw, 200px\" \/><\/span><\/div><\/div><div class=\"fusion-clearfix\"><\/div>\n\n\t\t\t\t\t<\/div>\n\t\t\t\t<\/div><div  data-animationType=fadeInLeft data-animationDuration=0.3 data-animationOffset=100% class=\"fusion-layout-column fusion_builder_column fusion_builder_column_1_6  fusion-one-sixth fusion-animated 1_6\"  style='margin-top:80px;margin-bottom:0px;width:16.66%;width:calc(16.66% - ( ( 20px + 20px + 40px + 40px ) * 0.1666 ) );margin-right: 20px;'>\n\t\t\t\t\t<div class=\"fusion-column-wrapper\" style=\"padding: 0px 0px 0px 0px;background-position:left top;background-repeat:no-repeat;-webkit-background-size:cover;-moz-background-size:cover;-o-background-size:cover;background-size:cover;\"  data-bg-url=\"\">\n\t\t\t\t\t\t<div class=\"fusion-column-content-centered\"><div class=\"fusion-column-content\"><span style=\"border:1px solid #f6f6f6;-webkit-border-radius:7px;-moz-border-radius:7px;border-radius:7px;\" class=\"fusion-imageframe imageframe-none imageframe-2 hover-type-none\"><img loading=\"lazy\" src=\"https:\/\/www.rutalibreautocaravanas.es\/wp-content\/uploads\/2016\/10\/faro-cabo-ortegal.jpg\" width=\"400\" height=\"300\" alt=\"Faro en acantilado\" title=\"Faro &#8211; Cabo Ortegal\" class=\"img-responsive wp-image-3832\" style=\"-webkit-border-radius:7px;-moz-border-radius:7px;border-radius:7px;\" srcset=\"https:\/\/www.rutalibreautocaravanas.es\/wp-content\/uploads\/2016\/10\/faro-cabo-ortegal-200x150.jpg 200w, https:\/\/www.rutalibreautocaravanas.es\/wp-content\/uploads\/2016\/10\/faro-cabo-ortegal.jpg 400w\" sizes=\"(max-width: 800px) 100vw, 200px\" \/><\/span><\/div><\/div><div class=\"fusion-clearfix\"><\/div>\n\n\t\t\t\t\t<\/div>\n\t\t\t\t<\/div><div  data-animationType=fadeInLeft data-animationDuration=0.3 data-animationOffset=100% class=\"fusion-layout-column fusion_builder_column fusion_builder_column_1_6  fusion-one-sixth fusion-animated 1_6\"  style='margin-top:80px;margin-bottom:0px;width:16.66%;width:calc(16.66% - ( ( 20px + 20px + 40px + 40px ) * 0.1666 ) );margin-right: 40px;'>\n\t\t\t\t\t<div class=\"fusion-column-wrapper\" style=\"padding: 0px 0px 0px 0px;background-position:left top;background-repeat:no-repeat;-webkit-background-size:cover;-moz-background-size:cover;-o-background-size:cover;background-size:cover;\"  data-bg-url=\"\">\n\t\t\t\t\t\t<div class=\"fusion-column-content-centered\"><div class=\"fusion-column-content\"><span style=\"border:1px solid #f6f6f6;-webkit-border-radius:7px;-moz-border-radius:7px;border-radius:7px;\" class=\"fusion-imageframe imageframe-none imageframe-3 hover-type-none\"><img loading=\"lazy\" src=\"https:\/\/www.rutalibreautocaravanas.es\/wp-content\/uploads\/2016\/10\/campos-suiza.jpg\" width=\"400\" height=\"300\" alt=\"Faro en acantilado\" title=\"Verdes campos &#8211; Suiza\" class=\"img-responsive wp-image-3830\" style=\"-webkit-border-radius:7px;-moz-border-radius:7px;border-radius:7px;\" srcset=\"https:\/\/www.rutalibreautocaravanas.es\/wp-content\/uploads\/2016\/10\/campos-suiza-200x150.jpg 200w, https:\/\/www.rutalibreautocaravanas.es\/wp-content\/uploads\/2016\/10\/campos-suiza.jpg 400w\" sizes=\"(max-width: 800px) 100vw, 200px\" \/><\/span><div class=\"fusion-sep-clear\"><\/div><div class=\"fusion-separator fusion-full-width-sep sep-none\" style=\"margin-left: auto;margin-right: auto;margin-top:20px;\"><\/div><span style=\"border:1px solid #f6f6f6;-webkit-border-radius:7px;-moz-border-radius:7px;border-radius:7px;\" class=\"fusion-imageframe imageframe-none imageframe-4 hover-type-none\"><img loading=\"lazy\" src=\"https:\/\/www.rutalibreautocaravanas.es\/wp-content\/uploads\/2016\/10\/hotel-aveiro.jpg\" width=\"400\" height=\"300\" alt=\"Faro en acantilado\" title=\"Hotel &#8211; Aveiro\" class=\"img-responsive wp-image-3828\" style=\"-webkit-border-radius:7px;-moz-border-radius:7px;border-radius:7px;\" srcset=\"https:\/\/www.rutalibreautocaravanas.es\/wp-content\/uploads\/2016\/10\/hotel-aveiro-200x150.jpg 200w, https:\/\/www.rutalibreautocaravanas.es\/wp-content\/uploads\/2016\/10\/hotel-aveiro.jpg 400w\" sizes=\"(max-width: 800px) 100vw, 200px\" \/><\/span><\/div><\/div><div class=\"fusion-clearfix\"><\/div>\n\n\t\t\t\t\t<\/div>\n\t\t\t\t<\/div><div  class=\"fusion-layout-column fusion_builder_column fusion_builder_column_1_4  fusion-one-fourth 1_4\"  style='margin-top:40px;margin-bottom:0px;width:25%;width:calc(25% - ( ( 20px + 20px + 40px + 40px ) * 0.25 ) );margin-right: 40px;'>\n\t\t\t\t\t<div class=\"fusion-column-wrapper\" style=\"padding: 0px 0px 0px 0px;background-position:left top;background-repeat:no-repeat;-webkit-background-size:cover;-moz-background-size:cover;-o-background-size:cover;background-size:cover;\"  data-bg-url=\"\">\n\t\t\t\t\t\t<div class=\"fusion-title title fusion-sep-none fusion-title-size-one\" style=\"margin-top:0px;margin-bottom:31px;\"><h1 class=\"title-heading-left\"><span style=\"font-size: 0.85em; line-height: 1.4em; display: block;\">A equipa Ruta Libre. Quem somos, onde estamos e o que lhe queremos oferecer.<\/span><\/h1><\/div><div class=\"fusion-text\"><p style=\"text-align: justify;\"><strong>Ruta Libre<\/strong> come\u00e7a a sua jornada depois de muitos anos viajando de autocaravana pela Europa. Depois de todo esse tempo, decidimos dar o passo de embarcar nesta nova aventura. Tentamos transmitir-lhe o prazer que se sente, ao <strong>viajar numa autocaravana<\/strong>, atrav\u00e9s do aluguer deste tipo de ve\u00edculo.<\/p>\n<p>Transformamos a nossa paix\u00e3o em um estilo de vida e agora queremos transmitir o conhecimento e a experi\u00eancia que adquirimos ao longo desses anos, para que tamb\u00e9m possa viver as suas pr\u00f3prias aventuras.<\/p>\n<p>Para isso contamos com uma equipa composta por <strong>diversos profissionais<\/strong>, incluindo pessoal da empresa e outros colaboradores externos, situados entre a Areas e a cidade de Tui aqui em Pontevedra. Estamos tamb\u00e9m muito pr\u00f3ximos da cidade de Vigo e por se tratar de uma cidade fronteiri\u00e7a, no Norte de Portugal.<\/p>\n<p>Todos n\u00f3s temos os mesmos objetivos, fazer as coisas bem e aproveitar ao m\u00e1ximo essa bela experi\u00eancia.<\/p>\n<p>Mas sem d\u00favida, o nosso maior desejo, n\u00e3o \u00e9 outro, sen\u00e3o alcan\u00e7ar a sua plena satisfa\u00e7\u00e3o e que possa desfrutar plenamente da nossa paix\u00e3o, tal como temos feito durante todos estes anos, mas nesta altura, oferecendo-lhe a possibilidade de alugar uma das nossas magn\u00edficas e modernas autocaravanas.<\/p>\n<\/div><div class=\"fusion-sep-clear\"><\/div><div class=\"fusion-separator fusion-full-width-sep sep-none\" style=\"margin-left: auto;margin-right: auto;margin-top:40px;\"><\/div><div class=\"imageframe-align-center\"><span class=\"fusion-imageframe imageframe-none imageframe-5 hover-type-none\" id=\"logo-el-equipo\"><img loading=\"lazy\" src=\"http:\/\/www.rutalibreautocaravanas.es\/wp-content\/uploads\/2016\/09\/logotipo-ruta-libre-2x.png\" width=\"\" height=\"\" alt=\"Logotipo Ruta Libre\" title=\"\" class=\"img-responsive\"\/><\/span><\/div><div class=\"fusion-clearfix\"><\/div>\n\n\t\t\t\t\t<\/div>\n\t\t\t\t<\/div><div  data-animationType=fadeInLeft data-animationDuration=0.3 data-animationOffset=100% class=\"fusion-layout-column fusion_builder_column fusion_builder_column_1_6  fusion-one-sixth fusion-column-last fusion-animated 1_6\"  style='margin-top:80px;margin-bottom:0px;width:16.66%;width:calc(16.66% - ( ( 20px + 20px + 40px + 40px ) * 0.1666 ) );'>\n\t\t\t\t\t<div class=\"fusion-column-wrapper\" style=\"padding: 0px 0px 0px 0px;background-position:left top;background-repeat:no-repeat;-webkit-background-size:cover;-moz-background-size:cover;-o-background-size:cover;background-size:cover;\"  data-bg-url=\"\">\n\t\t\t\t\t\t<div class=\"fusion-column-content-centered\"><div class=\"fusion-column-content\"><span style=\"border:1px solid #f6f6f6;-webkit-border-radius:7px;-moz-border-radius:7px;border-radius:7px;\" class=\"fusion-imageframe imageframe-none imageframe-6 hover-type-none\"><img loading=\"lazy\" src=\"https:\/\/www.rutalibreautocaravanas.es\/wp-content\/uploads\/2016\/10\/playa.jpg\" width=\"400\" height=\"300\" alt=\"Faro en acantilado\" title=\"Playa catamar\u00e1n\" class=\"img-responsive wp-image-3826\" style=\"-webkit-border-radius:7px;-moz-border-radius:7px;border-radius:7px;\" srcset=\"https:\/\/www.rutalibreautocaravanas.es\/wp-content\/uploads\/2016\/10\/playa-200x150.jpg 200w, https:\/\/www.rutalibreautocaravanas.es\/wp-content\/uploads\/2016\/10\/playa.jpg 400w\" sizes=\"(max-width: 800px) 100vw, 200px\" \/><\/span><div class=\"fusion-sep-clear\"><\/div><div class=\"fusion-separator fusion-full-width-sep sep-none\" style=\"margin-left: auto;margin-right: auto;margin-top:20px;\"><\/div><span style=\"border:1px solid #f6f6f6;-webkit-border-radius:7px;-moz-border-radius:7px;border-radius:7px;\" class=\"fusion-imageframe imageframe-none imageframe-7 hover-type-none\"><img loading=\"lazy\" src=\"https:\/\/www.rutalibreautocaravanas.es\/wp-content\/uploads\/2016\/10\/molinos-holanda.jpg\" width=\"400\" height=\"300\" alt=\"Faro en acantilado\" title=\"Molinos &#8211; Holanda\" class=\"img-responsive wp-image-3822\" style=\"-webkit-border-radius:7px;-moz-border-radius:7px;border-radius:7px;\" srcset=\"https:\/\/www.rutalibreautocaravanas.es\/wp-content\/uploads\/2016\/10\/molinos-holanda-200x150.jpg 200w, https:\/\/www.rutalibreautocaravanas.es\/wp-content\/uploads\/2016\/10\/molinos-holanda.jpg 400w\" sizes=\"(max-width: 800px) 100vw, 200px\" \/><\/span><div class=\"fusion-sep-clear\"><\/div><div class=\"fusion-separator fusion-full-width-sep sep-none\" style=\"margin-left: auto;margin-right: auto;margin-top:20px;\"><\/div><span style=\"border:1px solid #f6f6f6;-webkit-border-radius:7px;-moz-border-radius:7px;border-radius:7px;\" class=\"fusion-imageframe imageframe-none imageframe-8 hover-type-none\"><img loading=\"lazy\" src=\"https:\/\/www.rutalibreautocaravanas.es\/wp-content\/uploads\/2016\/10\/paisaje-montanoso.jpg\" width=\"400\" height=\"300\" alt=\"Faro en acantilado\" title=\"Paisaje monta\u00f1oso nevado\" class=\"img-responsive wp-image-3820\" style=\"-webkit-border-radius:7px;-moz-border-radius:7px;border-radius:7px;\" srcset=\"https:\/\/www.rutalibreautocaravanas.es\/wp-content\/uploads\/2016\/10\/paisaje-montanoso-200x150.jpg 200w, https:\/\/www.rutalibreautocaravanas.es\/wp-content\/uploads\/2016\/10\/paisaje-montanoso.jpg 400w\" sizes=\"(max-width: 800px) 100vw, 200px\" \/><\/span><\/div><\/div><div class=\"fusion-clearfix\"><\/div>\n\n\t\t\t\t\t<\/div>\n\t\t\t\t<\/div><\/div><\/div>\n","protected":false},"excerpt":{"rendered":"","protected":false},"author":1,"featured_media":0,"parent":0,"menu_order":0,"comment_status":"closed","ping_status":"closed","template":"100-width.php","meta":[],"_links":{"self":[{"href":"https:\/\/www.rutalibreautocaravanas.es\/pt-pt\/wp-json\/wp\/v2\/pages\/3818"}],"collection":[{"href":"https:\/\/www.rutalibreautocaravanas.es\/pt-pt\/wp-json\/wp\/v2\/pages"}],"about":[{"href":"https:\/\/www.rutalibreautocaravanas.es\/pt-pt\/wp-json\/wp\/v2\/types\/page"}],"author":[{"embeddable":true,"href":"https:\/\/www.rutalibreautocaravanas.es\/pt-pt\/wp-json\/wp\/v2\/users\/1"}],"replies":[{"embeddable":true,"href":"https:\/\/www.rutalibreautocaravanas.es\/pt-pt\/wp-json\/wp\/v2\/comments?post=3818"}],"version-history":[{"count":8,"href":"https:\/\/www.rutalibreautocaravanas.es\/pt-pt\/wp-json\/wp\/v2\/pages\/3818\/revisions"}],"predecessor-version":[{"id":4622,"href":"https:\/\/www.rutalibreautocaravanas.es\/pt-pt\/wp-json\/wp\/v2\/pages\/3818\/revisions\/4622"}],"wp:attachment":[{"href":"https:\/\/www.rutalibreautocaravanas.es\/pt-pt\/wp-json\/wp\/v2\/media?parent=3818"}],"curies":[{"name":"wp","href":"https:\/\/api.w.org\/{rel}","templated":true}]}}